{"id":1217,"date":"2019-06-06T09:58:35","date_gmt":"2019-06-06T07:58:35","guid":{"rendered":"http:\/\/nicugane.ro\/nou\/?page_id=1217"},"modified":"2019-06-06T11:15:37","modified_gmt":"2019-06-06T09:15:37","slug":"certificat-si-trofeu-scoala-europeana","status":"publish","type":"page","link":"https:\/\/nicugane.ro\/nou\/certificat-si-trofeu-scoala-europeana\/","title":{"rendered":"\u0218coal\u0103 European\u0103"},"content":{"rendered":"<ul>\n<li><strong><a href=\"https:\/\/nicugane.ro\/nou\/wp-content\/uploads\/2019\/06\/Certificat-si-Trofeu-Scoala-Europeana2.pdf\">Certificat \u0219i Trofeu\u00a0<\/a><\/strong><strong><strong><a href=\"https:\/\/nicugane.ro\/nou\/wp-content\/uploads\/2019\/06\/Certificat-si-Trofeu-Scoala-Europeana2.pdf\">\u0218coal\u0103 European\u0103 2019<\/a><\/strong><\/strong><\/li>\n<\/ul>\n<p>Ministerul Educa\u0163iei Na\u021bionale a premiat mar\u021bi, 4 iunie 2019, la Palatul Parlamentului, cele 87 de unit\u0103\u021bi de \u00eenv\u0103\u021b\u0103m\u00e2nt preuniversitar c\u00e2\u015ftig\u0103toare ale Competi\u021biei Na\u021bionale \u201e\u015ecoal\u0103 European\u0103&#8221;, edi\u021bia a XVI-a. \u00cen competi\u021bie au fost \u00eenscrise 136 de \u0219coli iar Colegiul Na\u021bional \u201eNicu Gane\u201d F\u0103lticeni s-a clasat pe locul 2, cu 190 de puncte din 200.<\/p>\n<p>Titulatura \u201e\u0218coal\u0103 European\u0103\u201d ne confer\u0103 recuno\u0219tere \u0219i prestigiu \u00een cadrul comunit\u0103\u021bilor educa\u021bionale.<\/p>\n<p>Suntem m\u00e2ndri de rezultatul ob\u021binut de colegiul nostru! Este consecin\u021ba unui efort de echip\u0103. Tot ceea ce \u00eenseamn\u0103 managementul \u0219colii \u0219i implicarea pe latura european\u0103 a presupus participare, profesionalism, rigoare, iar titulatura ob\u021binut\u0103 demonstreaz\u0103, din nou, calitatea actului educa\u021bional din \u0219coala noastr\u0103.<\/p>\n<p style=\"text-align: right;\">Director,<\/p>\n<p style=\"text-align: right;\">Prof. Nechifor Elena-Cristina<\/p>\n","protected":false},"excerpt":{"rendered":"<p>Certificat \u0219i Trofeu\u00a0\u0218coal\u0103 European\u0103 2019 Ministerul Educa\u0163iei Na\u021bionale a premiat mar\u021bi, 4 iunie 2019, la Palatul Parlamentului, cele 87 de unit\u0103\u021bi de \u00eenv\u0103\u021b\u0103m\u00e2nt preuniversitar c\u00e2\u015ftig\u0103toare ale Competi\u021biei Na\u021bionale \u201e\u015ecoal\u0103 European\u0103&#8221;, edi\u021bia a XVI-a. \u00cen competi\u021bie au fost \u00eenscrise 136 de <a href=\"https:\/\/nicugane.ro\/nou\/certificat-si-trofeu-scoala-europeana\/\" class=\"read-more\">Citi\u021bi mai mult&#8230;<\/a><\/p>\n","protected":false},"author":74,"featured_media":0,"parent":0,"menu_order":0,"comment_status":"closed","ping_status":"closed","template":"","meta":[],"categories":[],"_links":{"self":[{"href":"https:\/\/nicugane.ro\/nou\/wp-json\/wp\/v2\/pages\/1217"}],"collection":[{"href":"https:\/\/nicugane.ro\/nou\/wp-json\/wp\/v2\/pages"}],"about":[{"href":"https:\/\/nicugane.ro\/nou\/wp-json\/wp\/v2\/types\/page"}],"author":[{"embeddable":true,"href":"https:\/\/nicugane.ro\/nou\/wp-json\/wp\/v2\/users\/74"}],"replies":[{"embeddable":true,"href":"https:\/\/nicugane.ro\/nou\/wp-json\/wp\/v2\/comments?post=1217"}],"version-history":[{"count":13,"href":"https:\/\/nicugane.ro\/nou\/wp-json\/wp\/v2\/pages\/1217\/revisions"}],"predecessor-version":[{"id":1239,"href":"https:\/\/nicugane.ro\/nou\/wp-json\/wp\/v2\/pages\/1217\/revisions\/1239"}],"wp:attachment":[{"href":"https:\/\/nicugane.ro\/nou\/wp-json\/wp\/v2\/media?parent=1217"}],"wp:term":[{"taxonomy":"category","embeddable":true,"href":"https:\/\/nicugane.ro\/nou\/wp-json\/wp\/v2\/categories?post=1217"}],"curies":[{"name":"wp","href":"https:\/\/api.w.org\/{rel}","templated":true}]}}