{"id":1209,"date":"2021-05-12T20:06:00","date_gmt":"2021-05-12T18:06:00","guid":{"rendered":"http:\/\/nicugane.ro\/nou\/?page_id=1209"},"modified":"2021-06-02T07:48:55","modified_gmt":"2021-06-02T05:48:55","slug":"scoala-ambasador","status":"publish","type":"page","link":"https:\/\/nicugane.ro\/nou\/scoala-ambasador\/","title":{"rendered":"\u0218coal\u0103 ambasador"},"content":{"rendered":"<p style=\"text-align: center;\">\u0218COAL\u0102 AMBASADOR A PARLAMENTULUI EUROPEAN \u2013 An \u0219colar 2020-2021<\/p>\n<p style=\"text-align: left;\">Colegiul Na\u021bional \u201eNicu Gane\u201d F\u0103lticeni a ob\u021binut titlul de \u201e\u0218coal\u0103 \u2013 Ambasador a Parlamentului European\u201d (EPAS) \u00een anul 2018.<\/p>\n<p><img decoding=\"async\" loading=\"lazy\" class=\"aligncenter wp-image-2038 size-large\" src=\"https:\/\/nicugane.ro\/nou\/wp-content\/uploads\/2021\/05\/epas-1024x792.jpg\" alt=\"\" width=\"640\" height=\"495\" srcset=\"https:\/\/nicugane.ro\/nou\/wp-content\/uploads\/2021\/05\/epas-1024x792.jpg 1024w, https:\/\/nicugane.ro\/nou\/wp-content\/uploads\/2021\/05\/epas-300x232.jpg 300w, https:\/\/nicugane.ro\/nou\/wp-content\/uploads\/2021\/05\/epas-768x594.jpg 768w, https:\/\/nicugane.ro\/nou\/wp-content\/uploads\/2021\/05\/epas-1536x1188.jpg 1536w, https:\/\/nicugane.ro\/nou\/wp-content\/uploads\/2021\/05\/epas-2048x1585.jpg 2048w, https:\/\/nicugane.ro\/nou\/wp-content\/uploads\/2021\/05\/epas-349x270.jpg 349w\" sizes=\"(max-width: 640px) 100vw, 640px\" \/><\/p>\n<p>Programul EPAS urm\u0103re\u0219te \u00eembun\u0103t\u0103\u021birea cuno\u0219tin\u021belor despre Europa \u0219i democra\u021bia parlamentar\u0103 european\u0103 \u00een r\u00e2ndul tinerilor. Prin activit\u0103\u021bile propuse, ace\u0219tia se vor familiariza cu posibilit\u0103\u021bile pe care cet\u0103\u021benia european\u0103 le ofer\u0103, precum \u0219i cu rolul pe care Parlamentul European \u00eel joac\u0103 \u00een procesul decizional european. \u00cen acela\u0219i timp, elevii vor afla ce \u00eenseamn\u0103 UE pentru via\u021ba lor de zi cu zi \u0219i ce pot face ei pentru ca Europa s\u0103 fie, \u00een viitor, a\u0219a cum \u0219i-o doresc.<\/p>\n<p>Coordonat de c\u0103tre Biroul de Informare al Parlamentului European (BIPE) \u00een parteneriat cu Ministerul Educa\u021biei Na\u021bionale \u0219i cu sprijinul asocia\u021biei APDD \u201eAgenda 21\u201d, acest program a \u00eenceput cu sesiunea de formare pentru profesori. Apoi, \u00een perioada noiembrie 2017-iunie 2018, BIPE a men\u021binut leg\u0103tura cu \u0219colile implicate pentru monitorizarea gradului de realizare a cerin\u021belor impuse de program \u0219i evaluarea activit\u0103\u021bilor din programul EPAS.<\/p>\n<p><img decoding=\"async\" loading=\"lazy\" class=\"aligncenter size-full wp-image-2041\" src=\"https:\/\/nicugane.ro\/nou\/wp-content\/uploads\/2021\/05\/epas-2018.png\" alt=\"\" width=\"310\" height=\"275\" srcset=\"https:\/\/nicugane.ro\/nou\/wp-content\/uploads\/2021\/05\/epas-2018.png 310w, https:\/\/nicugane.ro\/nou\/wp-content\/uploads\/2021\/05\/epas-2018-300x266.png 300w, https:\/\/nicugane.ro\/nou\/wp-content\/uploads\/2021\/05\/epas-2018-304x270.png 304w\" sizes=\"(max-width: 310px) 100vw, 310px\" \/><\/p>\n<p>Acest program presupune realizarea unor activit\u0103\u021bi atractive \u0219i interactive pentru elevi. Astfel, ambasadorii juniori (10-15 elevi), al\u0103turi de ambasadorii seniori (3-5 profesori) au deschis un punct de informare despre Uniunea European\u0103, au participat la evenimente menite s\u0103 faciliteze aprofundarea cuno\u0219tin\u021belor despre Uniunea European\u0103 \u0219i institu\u021biile acesteia, au organizat campanii pentru promovarea cet\u0103\u021beniei democratice \u0219i a dimensiunii europene \u0219i au marcat Ziua Europei prin diverse activit\u0103\u021bi interactive. Mai multe informa\u021bii despre acest program se g\u0103sesc la\u00a0<a href=\"http:\/\/www.europarl.europa.eu\/romania\/ro\/ue_si_tinerii\/programul_scoli_ambasador\/lansare_epas.html\">http:\/\/www.europarl.europa.eu\/romania\/ro\/ue_si_tinerii\/programul_scoli_ambasador\/lansare_epas.html<\/a>.<\/p>\n<p>\u00cen ciuda problemelor create de situa\u021bia pandemic\u0103, elevii Colegiului Na\u021bional \u201eNicu Gane\u201d, sub \u00eendrumarea ambasadorilor seniori s-au implicat \u00een activit\u0103\u021bi care au eviden\u021biat rolul \u0219i implicarea lor \u00een problemele comunit\u0103\u021bii. \u00cen acest context, activit\u0103\u021bile realizate au reliefat nevoia tinerilor de a participa la propria lor formare prin activit\u0103\u021bi extra\u0219colare care s\u0103 le l\u0103rgeasc\u0103 orizontul de cunoa\u0219tere cu informa\u021bii utile pentru viitorul lor \u00een calitate de cet\u0103\u021beni europeni responsabili.<\/p>\n<p><img decoding=\"async\" loading=\"lazy\" class=\"aligncenter size-large wp-image-2050\" src=\"https:\/\/nicugane.ro\/nou\/wp-content\/uploads\/2021\/05\/epas2-768x1024.jpeg\" alt=\"\" width=\"640\" height=\"853\" srcset=\"https:\/\/nicugane.ro\/nou\/wp-content\/uploads\/2021\/05\/epas2-768x1024.jpeg 768w, https:\/\/nicugane.ro\/nou\/wp-content\/uploads\/2021\/05\/epas2-225x300.jpeg 225w, https:\/\/nicugane.ro\/nou\/wp-content\/uploads\/2021\/05\/epas2-1152x1536.jpeg 1152w, https:\/\/nicugane.ro\/nou\/wp-content\/uploads\/2021\/05\/epas2-203x270.jpeg 203w, https:\/\/nicugane.ro\/nou\/wp-content\/uploads\/2021\/05\/epas2.jpeg 1200w\" sizes=\"(max-width: 640px) 100vw, 640px\" \/><\/p>\n<p><strong>Echipa de ambasadori ai CNNG Falticeni, anul \u0219colar 2020-2021<\/strong>:<\/p>\n<p><u>Ambasadori seniori<\/u>:<\/p>\n<p>Acatrinei-Vasiliu Ana-L\u0103cr\u0103mioara<br \/>\nBen\u021ba Codrin<br \/>\nBen\u021ba Viorica<br \/>\nCaulea Ioan<\/p>\n<p><u>Ambasadori juniori<\/u>:<\/p>\n<p>Pav\u0103l Elena<\/p>\n<p>Pascaru Ecaterina<\/p>\n<p>Biseric\u0103 Larisa<\/p>\n<p>Caulea Teodora<\/p>\n<p>Stegari Fabian<\/p>\n<p>Ben\u021ba\u00a0 Briana-Irina<\/p>\n<p>Daraban Mara<\/p>\n<p>\u0218tefan Andrei-Lucian<\/p>\n<p>Tudose Nicholas<\/p>\n<p>\u0218tef\u0103nescu Theodora<\/p>\n<p>Nechifor Cinzia<\/p>\n<p>Coman Ariana<\/p>\n<p>Larion Iustina<\/p>\n<p>Suditu Teodor<\/p>\n<p>Carp Nectarie<\/p>\n<p>Punctul de informare realizat \u00een cadrul activit\u0103\u021bilor EPAS:<\/p>\n<p><a href=\"https:\/\/padlet.com\/bentaviorica\/exl3pkifb24msex9?fbclid=IwAR3vD7KsyJP2h5lhQODGnDGOOji4NUfndkrCkMuCOOyZj_mcBpBYKQ_9GHg\">https:\/\/padlet.com\/bentaviorica\/exl3pkifb24msex9?fbclid=IwAR3vD7KsyJP2h5lhQODGnDGOOji4NUfndkrCkMuCOOyZj_mcBpBYKQ_9GHg#<\/a><\/p>\n<p>Colegiul Na\u021bional \u201eNicu Gane\u201d F\u0103lticeni este unul dintre cei 25 de candida\u021bi la titlul de \u201e\u0218coal\u0103 &#8211; Ambasador a Parlamentului European\u201d (EPAS). Lansarea celei de-a doua edi\u021bii a proiectului a avut loc la sediul Biroului de Informare a Parlamentului European din Bucure\u0219ti \u00een perioada 18-20 octombrie 2017.<\/p>\n<p>Programul urm\u0103re\u0219te \u00eembun\u0103t\u0103\u021birea cuno\u0219tin\u021belor despre Europa \u0219i democra\u021bia parlamentar\u0103 european\u0103 \u00een r\u00e2ndul tinerilor. Prin activit\u0103\u021bile propuse, ace\u0219tia se vor familiariza cu posibilit\u0103\u021bile pe care cet\u0103\u021benia european\u0103 le ofer\u0103, precum \u0219i cu rolul pe care Parlamentul European \u00eel joac\u0103 \u00een procesul decizional european. \u00cen acela\u0219i timp, elevii vor afla ce \u00eenseamn\u0103 UE pentru via\u021ba lor de zi cu zi \u0219i ce pot face ei pentru ca Europa s\u0103 fie, \u00een viitor, a\u0219a cum \u0219i-o doresc. \u00cen acest context se va accentua rolul lor ca factor de decizie la nivel european prin prezen\u021ba la vot, la alegerile europene din anul 2019.<\/p>\n<p>Coordonat de c\u0103tre Biroul de Informare al Parlamentului European (BIPE) \u00een parteneriat cu Ministerul Educa\u021biei Na\u021bionale \u0219i cu sprijinul asocia\u021biei APDD \u201eAgenda 21\u201d, acest program a \u00eenceput cu sesiunea de formare pentru profesori. Apoi, \u00een perioada noiembrie 2017-iunie 2018, BIPE va men\u021bine leg\u0103tura cu \u0219colile implicate pentru monitorizarea gradului de realizare a cerin\u021belor impuse de program \u0219i evaluarea activit\u0103\u021bilor din programul EPAS.<\/p>\n<p>Acest program presupune realizarea unor activit\u0103\u021bi atractive \u0219i interactive pentru elevi. Astfel, ambasadorii juniori (15 elevi), al\u0103turi de ambasadorii seniori (5 profesori) vor deschide un punct de informare despre Uniunea European\u0103, vor participa la evenimente menite s\u0103 faciliteze aprofundarea cuno\u0219tin\u021belor despre Uniunea European\u0103 \u0219i institu\u021biile acesteia, vor organiza campanii pentru promovarea cet\u0103\u021beniei democratice \u0219i a dimensiunii europene \u0219i vor marca Ziua Europei prin diverse activit\u0103\u021bi interactive. Mai multe informa\u021bii despre acest program se g\u0103sesc la <a href=\"http:\/\/www.europarl.europa.eu\/romania\/ro\/ue_si_tinerii\/programul_scoli_ambasador\/lansare_epas.html\">http:\/\/www.europarl.europa.eu\/romania\/ro\/ue_si_tinerii\/programul_scoli_ambasador\/lansare_epas.html<\/a>.<\/p>\n<p>Responsabilul de proiect din partea colegiului f\u0103lticenean este prof. Ioan Caulea. Din jude\u021bul Suceava, \u00een acest program a mai fost selectat \u0219i Colegiul Na\u021bional \u201eEudoxiu Hurmuzachi\u201d R\u0103d\u0103u\u021bi.<\/p>\n<p>La finalul programului, toate activit\u0103\u021bile desf\u0103\u0219urate de c\u0103tre institu\u021biile participante vor fi evaluate, acestea av\u00e2nd posibilitatea de a primi titlul de \u201e\u0218coal\u0103 &#8211; Ambasador a Parlamentului European\u201d.<\/p>\n<p>Echipa de ambasadori ai CNNG Falticeni:<\/p>\n<div align=\"center\">\n<table class=\"yiv4414930640gmail-MsoTableGrid\" border=\"1\" cellspacing=\"0\" cellpadding=\"0\">\n<tbody>\n<tr>\n<td valign=\"top\" width=\"44\">\n<p class=\"yiv4414930640MsoNormal\"><span lang=\"RO\">1<\/span><\/p>\n<\/td>\n<td valign=\"top\" width=\"255\">\n<p class=\"yiv4414930640MsoNormal\"><span lang=\"RO\">Nechifor Elena Cristina<\/span><\/p>\n<\/td>\n<td valign=\"top\" width=\"263\">\n<p class=\"yiv4414930640MsoNormal\"><b><span lang=\"RO\">Ambasador senior<\/span><\/b><\/p>\n<\/td>\n<\/tr>\n<tr>\n<td valign=\"top\" width=\"44\">\n<p class=\"yiv4414930640MsoNormal\"><span lang=\"RO\">2<\/span><\/p>\n<\/td>\n<td valign=\"top\" width=\"255\">\n<p class=\"yiv4414930640MsoNormal\"><span lang=\"RO\">Caulea Ioan<\/span><\/p>\n<\/td>\n<td valign=\"top\" width=\"263\">\n<p class=\"yiv4414930640MsoNormal\"><b><span lang=\"RO\">Ambasador senior<\/span><\/b><\/p>\n<\/td>\n<\/tr>\n<tr>\n<td valign=\"top\" width=\"44\">\n<p class=\"yiv4414930640MsoNormal\"><span lang=\"RO\">3<\/span><\/p>\n<\/td>\n<td valign=\"top\" width=\"255\">\n<p class=\"yiv4414930640MsoNormal\"><span lang=\"RO\">Ben\u021ba Viorica<\/span><\/p>\n<\/td>\n<td valign=\"top\" width=\"263\">\n<p class=\"yiv4414930640MsoNormal\"><b><span lang=\"RO\">Ambasador senior<\/span><\/b><\/p>\n<\/td>\n<\/tr>\n<tr>\n<td valign=\"top\" width=\"44\">\n<p class=\"yiv4414930640MsoNormal\"><span lang=\"RO\">4<\/span><\/p>\n<\/td>\n<td valign=\"top\" width=\"255\">\n<p class=\"yiv4414930640MsoNormal\"><span lang=\"RO\">Ciubotaru Alina<\/span><\/p>\n<\/td>\n<td valign=\"top\" width=\"263\">\n<p class=\"yiv4414930640MsoNormal\"><b><span lang=\"RO\">Ambasador senior<\/span><\/b><\/p>\n<\/td>\n<\/tr>\n<tr>\n<td valign=\"top\" width=\"44\">\n<p class=\"yiv4414930640MsoNormal\"><span lang=\"RO\">5<\/span><\/p>\n<\/td>\n<td valign=\"top\" width=\"255\">\n<p class=\"yiv4414930640MsoNormal\"><span lang=\"RO\">Cristea Alina<\/span><\/p>\n<\/td>\n<td valign=\"top\" width=\"263\">\n<p class=\"yiv4414930640MsoNormal\"><b><span lang=\"RO\">Ambasador senior<\/span><\/b><\/p>\n<\/td>\n<\/tr>\n<tr>\n<td valign=\"top\" width=\"44\">\n<p class=\"yiv4414930640MsoNormal\"><span lang=\"RO\">6<\/span><\/p>\n<\/td>\n<td valign=\"top\" width=\"255\">\n<p class=\"yiv4414930640MsoNormal\"><span lang=\"RO\">Anton Casiana<\/span><\/p>\n<\/td>\n<td valign=\"top\" width=\"263\">\n<p class=\"yiv4414930640MsoNormal\"><b><span lang=\"RO\">Ambasador junior<\/span><\/b><\/p>\n<\/td>\n<\/tr>\n<tr>\n<td valign=\"top\" width=\"44\">\n<p class=\"yiv4414930640MsoNormal\"><span lang=\"RO\">7<\/span><\/p>\n<\/td>\n<td valign=\"top\" width=\"255\">\n<p class=\"yiv4414930640MsoNormal\"><s><span lang=\"RO\">Apostol Otilia\u00a0<\/span><\/s><span lang=\"RO\">Neculau Stefan<\/span><\/p>\n<\/td>\n<td valign=\"top\" width=\"263\">\n<p class=\"yiv4414930640MsoNormal\"><b><span lang=\"RO\">Ambasador junior<\/span><\/b><\/p>\n<\/td>\n<\/tr>\n<tr>\n<td valign=\"top\" width=\"44\">\n<p class=\"yiv4414930640MsoNormal\"><span lang=\"RO\">8<\/span><\/p>\n<\/td>\n<td valign=\"top\" width=\"255\">\n<p class=\"yiv4414930640MsoNormal\"><span lang=\"RO\">Ben\u021ba Francesca<\/span><\/p>\n<\/td>\n<td valign=\"top\" width=\"263\">\n<p class=\"yiv4414930640MsoNormal\"><b><span lang=\"RO\">Ambasador junior<\/span><\/b><\/p>\n<\/td>\n<\/tr>\n<tr>\n<td valign=\"top\" width=\"44\">\n<p class=\"yiv4414930640MsoNormal\"><span lang=\"RO\">9<\/span><\/p>\n<\/td>\n<td valign=\"top\" width=\"255\">\n<p class=\"yiv4414930640MsoNormal\"><span lang=\"RO\">Bujor Paul<\/span><\/p>\n<\/td>\n<td valign=\"top\" width=\"263\">\n<p class=\"yiv4414930640MsoNormal\"><b><span lang=\"RO\">Ambasador junior<\/span><\/b><\/p>\n<\/td>\n<\/tr>\n<tr>\n<td valign=\"top\" width=\"44\">\n<p class=\"yiv4414930640MsoNormal\"><span lang=\"RO\">10<\/span><\/p>\n<\/td>\n<td valign=\"top\" width=\"255\">\n<p class=\"yiv4414930640MsoNormal\"><span lang=\"RO\">C\u0103lin Raluca<\/span><\/p>\n<\/td>\n<td valign=\"top\" width=\"263\">\n<p class=\"yiv4414930640MsoNormal\"><b><span lang=\"RO\">Ambasador junior<\/span><\/b><\/p>\n<\/td>\n<\/tr>\n<tr>\n<td valign=\"top\" width=\"44\">\n<p class=\"yiv4414930640MsoNormal\"><span lang=\"RO\">11<\/span><\/p>\n<\/td>\n<td valign=\"top\" width=\"255\">\n<p class=\"yiv4414930640MsoNormal\"><span lang=\"RO\">C\u0103lug\u0103ri\u021ba Maria<\/span><\/p>\n<\/td>\n<td valign=\"top\" width=\"263\">\n<p class=\"yiv4414930640MsoNormal\"><b><span lang=\"RO\">Ambasador junior<\/span><\/b><\/p>\n<\/td>\n<\/tr>\n<tr>\n<td valign=\"top\" width=\"44\">\n<p class=\"yiv4414930640MsoNormal\"><span lang=\"RO\">12<\/span><\/p>\n<\/td>\n<td valign=\"top\" width=\"255\">\n<p class=\"yiv4414930640MsoNormal\"><span lang=\"RO\">Cojoc\u0103ri\u021ba Anca<\/span><\/p>\n<\/td>\n<td valign=\"top\" width=\"263\">\n<p class=\"yiv4414930640MsoNormal\"><b><span lang=\"RO\">Ambasador junior<\/span><\/b><\/p>\n<\/td>\n<\/tr>\n<tr>\n<td valign=\"top\" width=\"44\">\n<p class=\"yiv4414930640MsoNormal\"><span lang=\"RO\">13<\/span><\/p>\n<\/td>\n<td valign=\"top\" width=\"255\">\n<p class=\"yiv4414930640MsoNormal\"><span lang=\"RO\">Grum\u0103zescu Andreea<\/span><\/p>\n<\/td>\n<td valign=\"top\" width=\"263\">\n<p class=\"yiv4414930640MsoNormal\"><b><span lang=\"RO\">Ambasador junior<\/span><\/b><\/p>\n<\/td>\n<\/tr>\n<tr>\n<td valign=\"top\" width=\"44\">\n<p class=\"yiv4414930640MsoNormal\"><span lang=\"RO\">14<\/span><\/p>\n<\/td>\n<td valign=\"top\" width=\"255\">\n<p class=\"yiv4414930640MsoNormal\"><span lang=\"RO\">Grum\u0103zescu Silviu<\/span><\/p>\n<\/td>\n<td valign=\"top\" width=\"263\">\n<p class=\"yiv4414930640MsoNormal\"><b><span lang=\"RO\">Ambasador junior<\/span><\/b><\/p>\n<\/td>\n<\/tr>\n<tr>\n<td valign=\"top\" width=\"44\">\n<p class=\"yiv4414930640MsoNormal\"><span lang=\"RO\">15<\/span><\/p>\n<\/td>\n<td valign=\"top\" width=\"255\">\n<p class=\"yiv4414930640MsoNormal\"><span lang=\"RO\">Macsim Oana<\/span><\/p>\n<\/td>\n<td valign=\"top\" width=\"263\">\n<p class=\"yiv4414930640MsoNormal\"><b><span lang=\"RO\">Ambasador junior<\/span><\/b><\/p>\n<\/td>\n<\/tr>\n<tr>\n<td valign=\"top\" width=\"44\">\n<p class=\"yiv4414930640MsoNormal\"><span lang=\"RO\">16<\/span><\/p>\n<\/td>\n<td valign=\"top\" width=\"255\">\n<p class=\"yiv4414930640MsoNormal\"><span lang=\"RO\">Moro\u0219anu Narcisa<\/span><\/p>\n<\/td>\n<td valign=\"top\" width=\"263\">\n<p class=\"yiv4414930640MsoNormal\"><b><span lang=\"RO\">Ambasador junior<\/span><\/b><\/p>\n<\/td>\n<\/tr>\n<tr>\n<td valign=\"top\" width=\"44\">\n<p class=\"yiv4414930640MsoNormal\"><span lang=\"RO\">17<\/span><\/p>\n<\/td>\n<td valign=\"top\" width=\"255\">\n<p class=\"yiv4414930640MsoNormal\"><span lang=\"RO\">Onofrei Ioana<\/span><\/p>\n<\/td>\n<td valign=\"top\" width=\"263\">\n<p class=\"yiv4414930640MsoNormal\"><b><span lang=\"RO\">Ambasador junior<\/span><\/b><\/p>\n<\/td>\n<\/tr>\n<tr>\n<td valign=\"top\" width=\"44\">\n<p class=\"yiv4414930640MsoNormal\"><span lang=\"RO\">18<\/span><\/p>\n<\/td>\n<td valign=\"top\" width=\"255\">\n<p class=\"yiv4414930640MsoNormal\"><span lang=\"RO\">Strugaru Cosmina<\/span><\/p>\n<\/td>\n<td valign=\"top\" width=\"263\">\n<p class=\"yiv4414930640MsoNormal\"><b><span lang=\"RO\">Ambasador junior<\/span><\/b><\/p>\n<\/td>\n<\/tr>\n<tr>\n<td valign=\"top\" width=\"44\">\n<p class=\"yiv4414930640MsoNormal\"><span lang=\"RO\">19<\/span><\/p>\n<\/td>\n<td valign=\"top\" width=\"255\">\n<p class=\"yiv4414930640MsoNormal\"><span lang=\"RO\">Ursu\u021bu C\u0103lin<\/span><\/p>\n<\/td>\n<td valign=\"top\" width=\"263\">\n<p class=\"yiv4414930640MsoNormal\"><b><span lang=\"RO\">Ambasador junior<\/span><\/b><\/p>\n<\/td>\n<\/tr>\n<tr>\n<td valign=\"top\" width=\"44\">\n<p class=\"yiv4414930640MsoNormal\"><span lang=\"RO\">20<\/span><\/p>\n<\/td>\n<td valign=\"top\" width=\"255\">\n<p class=\"yiv4414930640MsoNormal\"><span lang=\"RO\">Vasiliu Bianca<\/span><\/p>\n<\/td>\n<td valign=\"top\" width=\"263\">\n<p class=\"yiv4414930640MsoNormal\"><b><span lang=\"RO\">Ambasador junior<\/span><\/b><\/p>\n<\/td>\n<\/tr>\n<\/tbody>\n<\/table>\n<\/div>\n<p class=\"yiv4414930640MsoNormal\"><b><span lang=\"FR\">Activitatea 1:\u00a0<\/span><\/b>Colegiul Na\u021bional \u201eNicu Gane\u201d F\u0103lticeni, \u0219coal\u0103 candidat la titlul de \u0218coal\u0103 \u2013 ambasador pentru Parlamentul European<\/p>\n<p class=\"yiv4414930640MsoNormal\">\u00cen data de 15 noiembrie 2017 a fost lansat oficial proiectul \u201e\u0218coli &#8211; ambasador ale Parlamentului European\u201d la Colegiul Na\u021bional \u201eNicu Gane\u201d F\u0103lticeni (jud. Suceava). Activitatea a cuprins: prezentarea proiectului, prezentarea echipei de Ambasadori Seniori ai \u0219colii, prezentarea materialelor primite de la Biroul Parlamentului European \u00een Rom\u00e2nia, amenajarea \u0219i deschiderea Punctului de Informare, formarea echipei de ambasadori juniori.<\/p>\n<p class=\"yiv4414930640MsoNormal\"><b><span lang=\"FR\">Activitatea 2:\u00a0<\/span><\/b>Act for Change<\/p>\n<p class=\"yiv4414930640MsoNormal\">Membrii echipei CIED \u201eBucovina\u201d Suceava au fost invita\u0163i \u00een data de 30 octombrie 2017, \u00eencep\u00e2nd cu orele 10,30, la Colegiul Na\u0163ional \u201eNicu Gane\u201d din F\u0103lticeni. Organizatorii acestei activit\u0103\u021bi au fost doamna director Cristina Nechifor, care este \u0219i amabasador-senior \u0219i Otilia Apostol, ambasador-junior \u00een cadrul programului EPAS.\u00a0\u00a0Au fost de asemenea prezen\u021bi \u0219i reprezentan\u021bi ai unor organiza\u021bii precum \u201eSalva\u021bi Copii\u201d, \u201eYouth can do it\u201d. Scopul activit\u0103\u021bilor derulate a fost dezvoltarea sim\u021bului civic \u00een r\u00e2ndul adolescen\u021bilor. S-a f\u0103cut o prezentare a Centrului de Informare EUROPE DIRECT Bucovina Suceava, scopul \u015fi obiectivele centrului. \u00cen cadrul ac\u0163iunii echipa a prezentat concepte \u015fi obiective despre informa\u0163ia transfrontalier\u0103 sustenabil\u0103, ca informa\u0163ie european\u0103. S-au prezentat institu\u0163iile \u015fi organismele Uniunii Europene: Parlament, Consiliul, Comisia European\u0103; cele 10 priorita\u0163i europene; discursul asupra St\u0103rii Uniunii 2017 din 13 septembrie, cu referire la Rom\u00e2nia al Pre\u015fedintelui Comisiei Europene Jean-Claude Juncker \u015fi noua ini\u0163iativ\u0103 a Uniunii Europene despre Corpul European de Solidaritate, care ofer\u0103 tinerilor \u015fansa de a face voluntariat sau de a se implica \u00een proiecte. La acest eveniment au participat elevi din clasele a VIII-a, a IX-a \u015fi a X-a, \u00eempar\u0163i\u0163i \u00een cinci grupe a c\u00e2te 20 de elevi. S-a realizat un dialog interactiv \u015fi constructiv cu elevii participan\u0163i. Ac\u0163iunea a durat 2 ore.<\/p>\n<p class=\"yiv4414930640MsoNormal\"><b><span lang=\"FR\">Activitatea 3:\u00a0<\/span><\/b>&#8220;Creativitate Didactic\u0103 \u00een Domeniul Educa\u021biei pentru Drepturile Omului&#8221;<\/p>\n<p class=\"yiv4414930640MsoNormal\"><span lang=\"RO\">Luni, 11 decembrie 2017, prof. Ioan Caulea, ambasador-senior \u00een programul EPAS, a participat la Conferin\u021ba Jude\u021bean\u0103 de Metodic\u0103 intitulat\u0103 &#8220;Creativitate Didactic\u0103 \u00een Domeniul Educa\u021biei pentru Drepturile Omului&#8221;, desf\u0103\u0219urat\u0103 \u00een aula Colegiului Na\u0163ional &#8220;Mihai Eminescu&#8221; din Suceava. Aceast\u0103 activitate a eviden\u021biat \u0219i semnifica\u021bia zilei de 10 decembrie, Ziua Interna\u021bional\u0103 a Drepturilor Omului. \u00cen cadrul Conferin\u021bei, am participat cu prezentarea \u201e\u0218COLI &#8211; AMBASADOR PENTRU PARLAMENTUL EUROPEAN\u201d \u2013 PROIECTUL CA METOD\u0102 EFICIENT\u0102 DE \u00ceNV\u0102\u021aARE PRIN COLABORARE. \u00cen interven\u021bia mea, \u00een calitate de profesor coordonator EPAS pentru Colegiul Na\u021bional \u201eNicu Gane\u201d F\u0103lticeni, am prezentat at\u00e2t descrierea acestui program na\u021bional, c\u00e2t \u0219i activit\u0103\u021bile derulate de echipa de la CNNG p\u00e2n\u0103 \u00een acest moment. La aceast\u0103 conferin\u021b\u0103 au participat domnul Eugen Stoica, inspector general \u00een Ministerul Educa\u0163iei, domnul Adrian Bulgaru, directorul executiv al Institutului Rom\u00e2n pentru Drepturile Omului, conducerea ISJ Suceava (prof. Gheorghe Laz\u0103r, inspector general, Gabriela Scutaru, inspector general adjunct), prof. Cezar Anu\u021bei (inspector de \u0219tiin\u021be socio-umane, organizatorul evenimentului), profesori de \u0219tiin\u021be socio-umane din jude\u021b \u0219i elevi ai Colegiului Na\u0163ional &#8220;Mihai Eminescu&#8221;.<\/span><\/p>\n<p class=\"yiv4414930640MsoNormal\"><b><span lang=\"FR\">Activitatea 4:\u00a0<\/span><\/b>Concursul de dezbateri academice \u201eBucovina Open\u201d<\/p>\n<p class=\"yiv4414930640MsoNormal\">Consiliul Europei \u0219i Parlamentul European au adoptat, \u00een decembrie 2006, programul-cadru pentru definirea compe\u021bentelor esen\u021biale pentru un proces de \u00eenv\u0103\u021bare permanent \u00een secolul XXI. \u00cen cadrul acestui program au fost definite 8 competen\u021be esen\u021biale \u0219i 7 competen\u021be transdisciplinare. Una dintre competen\u021bele esen\u021biale este cea de rela\u0163ionare interpersonal\u0103 (sociale) \u015fi de implicare civic\u0103 (cuprinz\u00e2nd toate formele comportamentale care trebuie st\u0103p\u00e2nite pentru ca un individ s\u0103 fie capabil s\u0103 participe \u00eentr-un mod eficient \u015fi constructiv la via\u0163a social\u0103 \u015fi s\u0103 rezolve conflictele, dac\u0103 e cazul) iar competen\u021bele transdisciplinare se refer\u0103 la g\u00e2ndirea critic\u0103, creativitatea, ini\u021biativa, rezolvarea problemelor, evaluarea corect\u0103 a riscului, luarea deciziilor potrivite, gestionarea constructiv\u0103 a emo\u021biilor. \u00cen acest context, \u201edezbaterile\u201d sunt, desigur, cea mai important\u0103 form\u0103 de educa\u021bie non-formal\u0103 care \u00eei ajut\u0103 pe elevii de liceu s\u0103 g\u00e2ndeasc\u0103 \u0219i nu s\u0103 memoreze, s\u0103 argumenteze \u0219i nu s\u0103 recite, s\u0103 analizeze \u00een loc s\u0103 accepte. Dezbaterile sunt cel mai bun antidot \u00eempotriva ignoran\u021bei \u0219i un mijloc de informare constant\u0103 despre cele mai importante evenimente economico-politice din lume.<\/p>\n<p class=\"yiv4414930640MsoNormal\"><span lang=\"RO\">Elevii Clubului de dezbateri academice \u201eLogos\u201d de la Colegiul Na\u021bional \u201eNicu Gane\u201d F\u0103lticeni, coordonat de profesorul de \u0219tiin\u021be socio-umane Ioan Caulea, au c\u00e2\u0219tigat Concursul de dezbateri academice \u201eBucovina Open\u201d, desf\u0103\u0219urat la Colegiul \u201eAlexandru cel Bun\u201d din Gura Humorului, \u00een perioada 15-17 decembrie.<\/span><\/p>\n<p class=\"yiv4414930640MsoNormal\"><span lang=\"RO\">Cei 54 de liceeni (reprezent\u00e2nd cele 18 echipe \u00eenscrise \u00een concurs), al\u0103turi de elevi voluntari \u0219i studen\u021bi implica\u021bi \u00een organizarea evenimentului de \u00eenalt\u0103 \u021binut\u0103 au reprezentat licee sucevene precum Colegiul \u201eAlexandru cel Bun\u201d Gura Humorului, C.N. \u201eNicu Gane\u201d F\u0103lticeni, C.N. \u201eEudoxiu Hurmuzachi\u201d R\u0103d\u0103u\u021bi, C.N. \u201eDrago\u015f Vod\u0103\u201d C\u00e2mpulung Moldovenesc, Colegiul Militar \u201e\u0218t. cel Mare\u201d C\u00e2mpulung Moldovenesc, Colegiul Silvic \u201eBucovina\u201d C\u00e2mpulung Moldovenesc, C.N. \u201ePetru Rare\u015f\u201d Suceava, C.N. \u201eMihai Eminescu\u201d Suceava \u015fi Colegiul de Informatic\u0103 \u201eSpiru Haret\u201d Suceava. Temele (\u201emo\u021biuni\u201d \u00een limbajul dezbaterilor) au fost provocatoare \u0219i de actualitate: problema vaccin\u0103rii obligatorii, a contractului prenup\u021bial, a acord\u0103rii cet\u0103\u021beniei unui robot, a \u201esf\u00e2r\u0219itului lumii\u201d.<\/span><\/p>\n<p class=\"yiv4414930640MsoNormal\"><span lang=\"RO\">Din partea Colegiului Na\u021bional \u201eNicu Gane\u201d F\u0103lticeni au participat 2 echipe. Una dintre echipe, format\u0103 din elevii Maria C\u0103lug\u0103ri\u021ba (clasa a XI-a), \u0218erban O\u0219lobanu (clasa a XII-a) \u0219i Oana Maxim (clasa a XI-a) au \u00eenvins \u00een finala competi\u021biei echipa Colegiului Na\u021bional \u201ePetru Rare\u015f\u201d Suceava (reedit\u00e2nd finala edi\u021biei a III-a). Scorul ob\u021binut din partea celor 7 arbitri a fost de 6 la 1 pentru echipa de la \u201eNicu Gane\u201d. O asemenea competi\u021bie presupune \u0219i un clasament individual, al vorbitorilor, \u00een func\u021bie de punctajul primit de fiecare vorbitor \u00een primele patru meciuri\/ runde preliminare, de calific\u0103ri. Premiul I \u0219i titlul de \u201eThe best speaker\u201d a fost c\u00e2\u0219tigat de elevul \u0218erban O\u0219lobanu, iar eleva Maria C\u0103lug\u0103ri\u021ba a ob\u021binut una dintre men\u021biuni \u00een acela\u0219i clasament.<\/span><\/p>\n<p class=\"yiv4414930640MsoNormal\"><span lang=\"RO\">Cele dou\u0103 eleve din echipa CNNG sunt \u0219i ambasadori juniori \u00een echipa EPAS \u201eNicu Gane\u201d.<\/span><span lang=\"RO\"><br \/>\nConcursul a fost organizat de Centrul de Studii Sociale \u015fi Educa\u0163ie Civic\u0103 Suceava, \u00een parteneriat cu Inspectoratul \u015ecolar Jude\u0163ean Suceava, Colegiul \u201eAlexandru cel Bun\u201d \u015fi Prim\u0103ria Gura Humorului.<\/span><b><\/b><\/p>\n<p class=\"yiv4414930640MsoNormal\">\n<p class=\"yiv4414930640MsoNormal\"><b><span lang=\"FR\">Activitatea 5:<\/span><\/b>\u00a0\u201eThe voice of young Europe\u201d<\/p>\n<p class=\"yiv4414930640MsoNormal\">\u00cen acord cu proiectul EPAS, \u021bin\u00e2nd cont de faptul c\u0103 unul dintre modulele pedagogice din manualul oferit ca resurs\u0103 de c\u0103tre BIPE se refer\u0103 strict la \u201evocea tinerei genera\u021bii \u00een Europa\u201d, \u00een perioada 22-27 octombrie 2017, Colegiul Na\u021bional \u201eNicu Gane\u201d F\u0103lticeni a participat la a \u0219asea \u00eent\u00e2lnire din cadrul proiectului intitulat \u201eTHE VOICE OF YOUNG EUROPE, la \u201eIstituto d&#8217;Istruzione Superiore Ciufelli-Einaudi\u201d la Todi, Italia. Proiectul Erasmus+ \u00een care este implicat \u0219i colegiul f\u0103lticenean,\u201d face parte din Ac\u021biunea Cheie 2 (KA2) \u0219i se deruleaz\u0103 pe o perioad\u0103 de 3 ani (2015-2018). Coordonatorul proiectului este \u201eKSG de Breul\u201d din Zeist, Olanda, iar ceilal\u021bi parteneri sunt \u201eWest Lothian College\u201d din Livingston, Sco\u021bia, \u201eIstituto d&#8217;Istruzione Superiore Ciufelli-Einaudi\u201d din Todi, Italia, \u201eEscola el Cim SCCL\u201d din Terrassa, Catalonia, \u0219i \u201eGregor Mendel Gymnasyum\u201d din Amberg, Germania. Din partea echipei din F\u0103lticeni, au participat patru profesori (Daniela Anton, Daniela Pavel, Florin Ilinc\u0103i \u0219i Ioan Caulea \u2013 responsabilul de proiect din partea \u0219colii f\u0103lticenene), \u0219i \u0219ase elevi (Ioana Apopei, Bianca Bahn\u0103, Maria C\u0103lug\u0103ri\u021ba, Oana Macsim, Narcisa Moro\u0219anu \u0219i Narcisa Pavel).<\/p>\n<p><span lang=\"RO\">Trei dintre elevii participan\u021bi la aceast\u0103 mobilitate fac parte \u0219i din echipa de ambasadori juniori EPAS (Maria C\u0103lug\u0103ri\u021ba, Oana Macsim, \u0219i Narcisa Moro\u0219anu).<\/span><\/p>\n<p><span lang=\"RO\">Ideea proiectului are la baz\u0103 at\u00e2t noile provoc\u0103ri cu care se confrunt\u0103 Europa, c\u00e2t \u0219i necesitatea implement\u0103rii unor metode noi de abordare a educa\u021biei \u00een acest context, ceea ce presupune noi competen\u021be pe care trebuie s\u0103 \u0219i le \u00eensu\u0219easc\u0103 t\u00e2n\u0103ra genera\u021bie. Una dintre aceste metode, care este \u00een centrul dezvolt\u0103rii acestui proiect, este \u201edezbaterea\u201d \u2013 ca un exemplu de metod\u0103 didactic\u0103 inovativ\u0103, care s\u0103 stimuleze elevii \u0219i profesorii s\u0103-\u0219i reg\u00e2ndeasc\u0103 strategiile de predare \u0219i \u00eenv\u0103\u021bare.<\/span><\/p>\n<p><span lang=\"RO\">Cele cinci zile ale \u00eent\u00e2lnirii s-au concretizat \u00een diverse activit\u0103\u021bi interactive, precum: fiecare grup de elevi din fiecare \u0219coal\u0103 &#8211; partener a diseminat activit\u0103\u021bi propuse \u00een cadrul proiectului pentru cel de-al doilea an de proiect, prezentare despre valorile, simbolurile \u0219i principiile UE, atelier CEFR (Cadrul European Comun de Referin\u0163\u0103 pentru Limbi), activit\u0103\u021bi de cunoa\u0219tere a institu\u021biilor europene, atelier CLIL (\u00cenv\u0103\u021bare integrat\u0103 de con\u021binut \u0219i limb\u0103), dezbateri pe diverse teme de interes european.<\/span><\/p>\n<p class=\"yiv4414930640MsoNormal\"><span lang=\"RO\">Ultima \u00eent\u00e2lnire din cadrul proiectului se va derula \u00een luna mai 2018 la \u0219coala coordonatoare (\u201eKSG de Breul\u201d Zeist, Olanda), iar \u00een cadrul programului de activit\u0103\u021bi va avea loc \u0219i o vizit\u0103 la Bruxelles, la sediul Parlamentului European.<\/span><\/p>\n<p class=\"yiv4414930640MsoNormal\"><b><span lang=\"FR\">Activitatea 6:<\/span><\/b><span lang=\"FR\">\u00a0<\/span><span lang=\"RO\">\u201eO scurt\u0103 istorie a Uniunii Europene\u201d<\/span><\/p>\n<p class=\"yiv4414930640MsoNormal\">Colegiul Na\u021bional \u201cNicu Gane\u201d din F\u0103lticeni a s\u0103rb\u0103torit Ziua Na\u021bional\u0103 a Rom\u00e2niei, \u00een avans, miercuri, 29 decembrie. Activit\u0103\u021bile derulate \u00een cadrul acestui eveniment s-au derulat sub semnul apartenen\u021bei Rom\u00e2niei la UE. Ambasadorii juniori ai \u0219colii, al\u0103turi de reprezentan\u021bii Consiliului Elevilor, costuma\u021bi \u00een ro\u0219u, galben \u0219i albastru, au d\u0103ruit br\u0103\u021b\u0103ri tricolore profesorilor \u0219i colegilor lor, iar holurile \u0219colii au fost acoperite de mesaje care exprimau ceea ce \u00een\u021beleg elevii prin \u201ea fi rom\u00e2n\u201d.<\/p>\n<p class=\"yiv4414930640MsoNormal\"><span lang=\"RO\">\u00centr-o atmosfer\u0103 solemn\u0103, \u00een amfiteatrul Colegiului, unde au fost prezen\u021bi 120 de elevi de liceu, dup\u0103 intonarea Imnului Na\u021bional \u0219i ascultarea imnului UE, a avut loc o trecere \u00een revist\u0103 a celor mai importante evenimente istorice premerg\u0103toare Marii Uniri, prezentat\u0103 de profesorul de istorie Codrin Ben\u021ba, care a f\u0103cut astfel leg\u0103tura \u00eentre sf\u00e2r\u0219itul celui de-al doilea R\u0103zboi Mondial \u0219i \u00eenfiin\u021barea Uniunii Europene.<\/span><\/p>\n<p class=\"yiv4414930640MsoNormal\"><span lang=\"RO\">\u00centruc\u00e2t Colegiul Na\u021bional \u201eNicu Gane\u201d este unul dintre cei 25 de candida\u021bi la titlul de \u201e\u0218coal\u0103 &#8211; Ambasador a Parlamentului European\u201d (EPAS), ambasadorii seniori \u0219i juniori, au prezentat, \u00eentr-o manier\u0103 atractiv\u0103 \u0219i conving\u0103toare, informa\u021bii despre constituirea Uniunii Europene, despre simbolurile UE, despre institu\u021biile acesteia, despre baza cooper\u0103rii europene (agricultura, economia \u0219i transporturile), despre valorile fundamentale ale UE \u0219i despre contextul integr\u0103rii Rom\u00e2niei \u00een UE. \u00cen acest context, prin activit\u0103\u021bile propuse, s-au abordat temele specific modulului 1, \u201eO scurt\u0103 istorie a Uniunii Europene\u201d. \u00cen final, ambasadorii juniori au realizat un panou tematic cu imagini gr\u0103itoare despre farmecul \u021b\u0103rii noastre.<\/span><b><\/b><\/p>\n<p class=\"yiv4414930640MsoNormal\"><b><span lang=\"FR\">Activitatea 7:<\/span><\/b><span lang=\"FR\">\u00a0<\/span><span lang=\"RO\">\u201eTu \u0219i UE\u201d<\/span><\/p>\n<p class=\"yiv4414930640MsoNormal\">Mar\u021bi, 30 ianuarie 2018, la clasa a XI-a F, (specializarea Filologie), ambasadori juniori ai CNNG F\u0103lticeni, coordona\u021bi de d-na profesor Viorica Ben\u021ba, ambasador senior, au desf\u0103\u0219urat activit\u0103\u021bi cu referire la un nou modul din proiectul de candidatur\u0103 pentru ob\u021binerea titlului de \u0218coal\u0103-Ambasador a Parlamentului European &#8211; \u201eTu \u0219i UE\u201d.<\/p>\n<p class=\"yiv4414930640MsoNormal\"><span lang=\"RO\">Filmul realizat \u00een cadrul acestei activit\u0103\u021bi a fost postat \u0219i pe grupul EPAS al \u0218colii<\/span><\/p>\n<p class=\"yiv4414930640MsoNormal\"><span lang=\"RO\">\u00a0<\/span><\/p>\n<p class=\"yiv4414930640MsoNormal\"><b><span lang=\"FR\">Activitatea 8:<\/span><\/b>\u00a0Zilele Euroscola<\/p>\n<p class=\"yiv4414930640MsoNormal\">Colegiul Na\u021bional \u201cNicu Gane\u201d au participat joi, 22 februarie 2018, la Zilele Euroscola de la Strasbourg, ca urmare a c\u00e2\u0219tig\u0103rii selec\u021biei na\u021bionale pentru cea de-a X-a edi\u021bie a concursului Euroscola.<\/p>\n<p><span lang=\"RO\">Cei 24 de elevi (grup din care au f\u0103cut parte \u0219i ambasadorii juniori Francesca Ben\u021ba, Paul Bujor, Andreea Grum\u0103zescu \u0219i Ioana Onofrei), \u00eenso\u021bi\u021bi de doi profesori coordonatori (unul dintre ei fiind doamna Viorica Ben\u021ba, ambasador-senior \u00een programul EPAS), au tr\u0103it o experien\u021b\u0103 unic\u0103, al\u0103turi de 458 de elevi \u0219i 52 de profesori din 21 de state membre ale Uniunii Europene. Pe l\u00e2ng\u0103 faptul c\u0103 \u0219i-au \u00eembog\u0103\u021bit cuno\u0219tin\u021bele despre procesul de integrare european\u0103, ace\u0219tia au avut \u0219ansa de a descoperi modul de func\u021bionare a Parlamentului European, de a comunica, de a coopera \u0219i de a-\u0219i \u00eemp\u0103rt\u0103\u0219i viziunile \u0219i aspira\u021biile.\u00a0<\/span><\/p>\n<p><span lang=\"RO\">Un moment inedit al programului a fost prezentarea \u00een limba englez\u0103 a \u021b\u0103rii, a localit\u0103\u021bii \u0219i a \u0219colii, elevii rom\u00e2ni impresion\u00e2nd prin dezinvoltur\u0103, sim\u021bul umorului, prezen\u021b\u0103 de spirit \u0219i acurate\u021be lingvistic\u0103.\u00a0<\/span><\/p>\n<p><span lang=\"RO\">Invita\u021bi \u00een sala de \u0219edin\u021be \u201eLouis Weiss\u201d, elevii au ocupat locurile parlamentarilor europeni, au formulat \u0219i dezb\u0103tut propuneri legislative, au adresat \u00eentreb\u0103ri, au f\u0103cut comentarii, au adoptat sau respins propunerile legislative \u00eentr-o alt\u0103 limb\u0103 dec\u00e2t cea matern\u0103, av\u00e2nd astfel ocazia de a exersa participarea la construc\u021bia Uniunii Europene. Elevii, distribui\u021bi aleatoriu \u00een \u0219ase comisii, au dezb\u0103tut probleme stringente precum: mediul natural \u0219i energiile regenerabile, securitatea \u0219i drepturile omului, viitorul Europei, migra\u021bia \u0219i integrarea, lucurile de munc\u0103 pentru tineri, anul european al patrimoniului cultural etc. \u00cen paralel, profesorii din \u021b\u0103rile prezente au participat la o dezbatere legat\u0103 de efectele migra\u021biei ilegale asupra evolu\u021biei spa\u021biului european.<br \/>\nDe asemenea, \u00eemp\u0103r\u021bi\u021bi \u00een grupe multina\u021bionale de c\u00e2tre patru membri, elevii no\u0219tri au fost selecta\u021bi \u0219i \u00een finala concursului de cultur\u0103 general\u0103 Eurogame.<\/span><\/p>\n<p><span lang=\"RO\">La sf\u00e2r\u0219itul zilei, elevii au fost felicita\u021bi pentru implicarea \u00een activit\u0103\u021bile propuse \u0219i au primit diplome, tricouri \u0219i diverse materiale documentare despre Uniunea European\u0103.<\/span><\/p>\n<p class=\"yiv4414930640MsoNormal\"><span lang=\"RO\">\u00a0<\/span><\/p>\n<p class=\"yiv4414930640MsoNormal\"><b><span lang=\"FR\">Activitatea 9:<\/span><\/b><span lang=\"FR\">\u00a0<\/span><span lang=\"RO\">\u201eLUAREA DECIZIILOR\u201d<\/span><\/p>\n<p class=\"yiv4414930640MsoNormal\">\u00cen cadrul procesului de candidatur\u0103 pentru titlul de \u201e\u0218coal\u0103 Ambasador pentru Parlamentul European\u201d \u00een care este implicat Colegiul Na\u021bional \u201eNicu Gane\u201d F\u0103lticeni, miercuri, 28 martie 2018, a fost ziua dedicata Modulului III, \u201eLuarea deciziilor\u201d. Ambasadorii juniori Narcisa Morosanu si Calin Ursutu din clasa a XI-a E au prezentat si explicat colegilor lor de clasa cum functioneaza institutiile UE. Acest demers a vizat \u00een\u0163elegerea mecanismelor de func\u0163ionare a institu\u0163iilor europene, \u00een general, a Parlamentului European, \u00een special, dar si cunoa\u015fterea principalelor atribu\u0163ii ale institu\u0163iei legislativului european pentru a \u00een\u0163elege contribu\u0163ia Parlamentului European \u00een domenii precum drepturile omului, ajutoarele umanitare, s\u0103n\u0103tatea, agricultura, industria \u015fi pia\u0163a, societatea informa\u0163ional\u0103 etc.. Elevii au lucrat in echipe, au dezbatut probleme specifice varstei lor, precum sistemul de educatie, libera circulatie in interiorul UE, modalitati de a petrece timpul liber. Mai mult, elevii au aflat de la ambasadorii juniori cati deputati are PE si cati dintre acestia sunt reprezentantii Romaniei. De asemenea au aflat cine este comisarul European din partea Romaniei si care sunt atributiile acestuia. Dupa o trecere in revista a principalelor forte politice reprezentate in PE, elevii au aflat cum se elaboreaza un act legislativ European si care sunt demrsurile pe care cetatenii le au la dispozitie pentru a influenta deciziile care se iau in institutiile UE.<\/p>\n<p class=\"yiv4414930640MsoNormal\"><b><span lang=\"FR\">Activitatea 10:<\/span><\/b><span lang=\"FR\">\u00a0<\/span><span lang=\"RO\">\u201eEUROPA FARA FRONTIERE\u201d<\/span><\/p>\n<p class=\"yiv4414930640MsoNormal\">Reuniunea de proiect Erasmus \u201eThe Voice of young Europe\u201d s-a derulat la Colegiul National \u201eNicu Gane\u201d F\u0103lticeni intre 21 si 27 aprilie 2018. La aceast\u0103 \u00eent\u00e2lnire au fost prezente delega\u021biile \u0219colilor din Olanda (\u201eKSG de Breul\u201d Zeist, 10 elevi \u0219i 3 profesori), Germania (\u201eGregor Mendel Gymnasyum\u201d Amberg, 10 elevi \u0219i 2 profesori) \u0219i Sco\u021bia, Marea Britanie (\u201eWest Lothian College\u201d Livingston, 6 elevi \u0219i 2 profesori). Cele mai multe activitati propuse au vizat tematici cuprinse in modulele pedagogice europene, furnizate in cadrul proiectului EPAS Romania. Astfel, in ziua de 25 aprilie, coordonatorul proiectului EPAS al Colegiului, care este si coordonator al proiectului Erasmus din partea Colegiului din Falticeni, prof. Ioan Caulea, alaturi de prof. dr. Marius Iacob, impreuna cu ambasadorii junior Paul Bujor, Maria C\u0103lug\u0103ri\u021ba, Oana Macsim \u0219i Anca Cojoc\u0103ri\u021ba au sustinut activitati sub genericul \u201eEUROPA FARA FRONTIERE\u201d, in care s-au dezbatut probleme precum: \u201eCetatenia europeana \u2013 o noua identitate?\u201d, \u201eAvantaje ale cetateniei europene\u201d, \u201eAmenintari la adresa cetateanului European (terorism, migratie, nationalism, poluare)\u201d, \u201eNoile educatii si noile competente pentru viitoarele meserii in cadrul UE\u201d.<\/p>\n<p class=\"yiv4414930640MsoNormal\"><b><span lang=\"FR\">Activitatea 10:<\/span><\/b><span lang=\"FR\">\u00a0<\/span><span lang=\"RO\">\u201eEUROPA FARA FRONTIERE\u201d<\/span><\/p>\n<p class=\"yiv4414930640MsoNormal\">Reuniunea de proiect Erasmus \u201eThe Voice of young Europe\u201d s-a derulat la Colegiul National \u201eNicu Gane\u201d F\u0103lticeni intre 21 si 27 aprilie 2018. La aceast\u0103 \u00eent\u00e2lnire au fost prezente delega\u021biile \u0219colilor din Olanda (\u201eKSG de Breul\u201d Zeist, 10 elevi \u0219i 3 profesori), Germania (\u201eGregor Mendel Gymnasyum\u201d Amberg, 10 elevi \u0219i 2 profesori) \u0219i Sco\u021bia, Marea Britanie (\u201eWest Lothian College\u201d Livingston, 6 elevi \u0219i 2 profesori). Cele mai multe activitati propuse au vizat tematici cuprinse in modulele pedagogice europene, furnizate in cadrul proiectului EPAS Romania. Astfel, in ziua de 25 aprilie, coordonatorul proiectului EPAS al Colegiului, care este si coordonator al proiectului Erasmus din partea Colegiului din Falticeni, prof. Ioan Caulea, alaturi de prof. dr. Marius Iacob, impreuna cu ambasadorii junior Paul Bujor, Maria C\u0103lug\u0103ri\u021ba, Oana Macsim \u0219i Anca Cojoc\u0103ri\u021ba au sustinut activitati sub genericul \u201eEUROPA FARA FRONTIERE\u201d, in care s-au dezbatut probleme precum: \u201eCetatenia europeana \u2013 o noua identitate?\u201d, \u201eAvantaje ale cetateniei europene\u201d, \u201eAmenintari la adresa cetateanului European (terorism, migratie, nationalism, poluare)\u201d, \u201eNoile educatii si noile competente pentru viitoarele meserii in cadrul UE\u201d.<\/p>\n<p class=\"yiv4414930640MsoNormal\"><b><span lang=\"FR\">Activitatea 11: Erasmus+, o provocare pentru tinerii din UE<\/span><\/b><\/p>\n<p class=\"yiv4414930640MsoNormal\">Ultimele 2 module pedagogice europene \u201eVocea ta \u00een Europa\u201d \u0219i \u201eValorile Europei\u201d s-au constituit \u00een activit\u0103\u021bi derulate at\u00e2t \u00een cadrul orelor de consiliere \u0219i orientare, c\u00e2t \u0219i \u00een cadrul proiectului \u201eThe Voice of Young Europe\u201d. Prof. de limba englez\u0103 Dana Anton, \u00eempreun\u0103 cu ambasadorii-junior au conceput \u0219i organizat activitatea \u201eThe values of Europe\u201d \u00een cadrul aceluia\u0219i proiect Erasmus+. Elevii, lucr\u00e2nd \u00een grupuri eterogene, din \u021b\u0103ri diferite, au construit postere pe aceast\u0103 tematic\u0103, pe care le-au prezentat apoi prin reprezentan\u021bii fiec\u0103rui grup.<\/p>\n<p class=\"yiv4414930640MsoNormal\"><b><span lang=\"FR\">Activitatea 12:\u00a0<\/span><\/b><span lang=\"RO\">\u201eZIUA EUROPEI\u201d,<\/span><span lang=\"FR\">\u00a0<\/span><span lang=\"RO\">4-9 mai 2018<\/span><\/p>\n<p class=\"yiv4414930640MsoNormal\">La Colegiul Na\u021bional \u201eNicu Gane\u201d F\u0103lticeni, Ziua Europei a fost celebrat\u0103 prin realizarea unui proiect educativ intitulat \u201e Ziua Europei \u00een anul centenarului Marii Uniri\u201d care a inclus 6 activit\u0103\u021bi care s-au desf\u0103\u0219urat \u00een perioada 4-9 mai 2018. Cu acest prilej, s-a realizat un panou tematic dedicat acestei zile, s-a organizat o dezbatere despre rela\u021bia dintre valorile europene \u0219i valorile na\u021bionale \u0219i s-a verificat atitudinea elevilor fa\u021b\u0103 de Uniunea European\u0103 prin completarea unui chestionar. De asemenea, elevii au participat la un concurs de cultur\u0103 general\u0103 \u0219i au organizat o c\u0103l\u0103torie gastronomic\u0103 prin Europa. Aceste activit\u0103\u021bi vin \u00een completarea acelora care s-au desf\u0103\u0219urat de-a lungul anului \u0219colar \u00een cadrul programului \u0218coli-ambasador pentru Parlamentul European \u00een Rom\u00e2nia \u0219i care au vizat, pe l\u00e2ng\u0103 informarea elevilor despre Uniunea European\u0103 (istoric, valori, simboluri, institu\u021bii), dezvoltarea abilit\u0103\u021bilor de comunicare \u0219i cooperare, dar \u0219i \u00eencurajarea spiritului de ini\u021biativ\u0103. \u00cen plus, elevii au dat dovad\u0103 de sim\u021b estetic \u0219i creativ \u00een realizarea materialelor din cadrul proiectului.<\/p>\n<p class=\"yiv4414930640MsoNormal\"><b><span lang=\"RO\">\u00a0<\/span><\/b><\/p>\n<p class=\"yiv4414930640MsoNormal\"><b><span lang=\"FR\">Activitatea 13:<\/span><\/b><span lang=\"FR\">\u00a0<\/span><span lang=\"RO\">\u201eZIUA EUROPEI\u201d,<\/span><span lang=\"FR\">\u00a0<\/span><span lang=\"RO\">9 mai 2018<\/span><\/p>\n<p class=\"yiv4414930640MsoNormal\">Activitatea \u201eC\u0103l\u0103torie gastronomic\u0103 prin Uniunea European\u0103\u201d face parte din proiectul educativ Ziua Europei \u00een anul centenarului Marii Uniri \u0219i s-a desf\u0103\u0219urat pe 9 mai 2018, ini\u021biatorii, organizatorii \u0219i participan\u021bii fiind ambasadorii seniori \u0219i juniori din \u0219coal\u0103, dar mai ales cei 28 de elevi din clasa a XI-a F, care au avut curajul de a porni \u00eentr-o c\u0103l\u0103torie gastronomic\u0103 prin cele 28 de \u021b\u0103ri din UE. Elevii s-au documentat \u00een leg\u0103tur\u0103 semnifica\u021biile Zilei Europei \u0219i au prezentat un material power-point care a cuprins \u0219i elemente de cultur\u0103 \u0219i civiliza\u021bie specifice \u021b\u0103rilor din UE. Expozi\u021bia de produse gastronomice specifice \u021b\u0103rilor UE a reprezentat momentul cel mai apreciat prin savoarea \u0219i atractivitatea exponatelor. Elevii \u0219i profesorii participan\u021bi au fost \u00eenc\u00e2nta\u021bi de bucatele delicioase preg\u0103tite cu grij\u0103 \u0219i creativitate at\u00e2t de c\u0103tre copii, c\u00e2t \u0219i de p\u0103rin\u021bii acestora.<\/p>\n","protected":false},"excerpt":{"rendered":"<p>\u0218COAL\u0102 AMBASADOR A PARLAMENTULUI EUROPEAN \u2013 An \u0219colar 2020-2021 Colegiul Na\u021bional \u201eNicu Gane\u201d F\u0103lticeni a ob\u021binut titlul de \u201e\u0218coal\u0103 \u2013 Ambasador a Parlamentului European\u201d (EPAS) \u00een anul 2018. Programul EPAS urm\u0103re\u0219te \u00eembun\u0103t\u0103\u021birea cuno\u0219tin\u021belor despre Europa \u0219i democra\u021bia parlamentar\u0103 european\u0103 \u00een <a href=\"https:\/\/nicugane.ro\/nou\/scoala-ambasador\/\" class=\"read-more\">Citi\u021bi mai mult&#8230;<\/a><\/p>\n","protected":false},"author":1,"featured_media":0,"parent":0,"menu_order":0,"comment_status":"closed","ping_status":"closed","template":"","meta":[],"categories":[],"_links":{"self":[{"href":"https:\/\/nicugane.ro\/nou\/wp-json\/wp\/v2\/pages\/1209"}],"collection":[{"href":"https:\/\/nicugane.ro\/nou\/wp-json\/wp\/v2\/pages"}],"about":[{"href":"https:\/\/nicugane.ro\/nou\/wp-json\/wp\/v2\/types\/page"}],"author":[{"embeddable":true,"href":"https:\/\/nicugane.ro\/nou\/wp-json\/wp\/v2\/users\/1"}],"replies":[{"embeddable":true,"href":"https:\/\/nicugane.ro\/nou\/wp-json\/wp\/v2\/comments?post=1209"}],"version-history":[{"count":9,"href":"https:\/\/nicugane.ro\/nou\/wp-json\/wp\/v2\/pages\/1209\/revisions"}],"predecessor-version":[{"id":2052,"href":"https:\/\/nicugane.ro\/nou\/wp-json\/wp\/v2\/pages\/1209\/revisions\/2052"}],"wp:attachment":[{"href":"https:\/\/nicugane.ro\/nou\/wp-json\/wp\/v2\/media?parent=1209"}],"wp:term":[{"taxonomy":"category","embeddable":true,"href":"https:\/\/nicugane.ro\/nou\/wp-json\/wp\/v2\/categories?post=1209"}],"curies":[{"name":"wp","href":"https:\/\/api.w.org\/{rel}","templated":true}]}}